{"id":7041,"date":"2018-04-04T15:18:06","date_gmt":"2018-04-04T15:18:06","guid":{"rendered":"http:\/\/impreza12.us-themes.com\/?page_id=7041"},"modified":"2021-06-15T06:29:43","modified_gmt":"2021-06-15T06:29:43","slug":"homepage","status":"publish","type":"page","link":"https:\/\/www.forumlibertas.com\/eutanasia\/","title":{"rendered":"Homepage"},"content":{"rendered":"<section class=\"l-section wpb_row height_small color_alternate\"><div class=\"l-section-h i-cf\"><div class=\"g-cols vc_row type_default valign_top\"><div class=\"vc_col-sm-12 wpb_column vc_column_container\"><div class=\"vc_column-inner\"><div class=\"wpb_wrapper\"><div class=\"w-grid type_grid layout_8841 overflow_hidden\" id=\"us_grid_1\" data-filterable=\"true\"><style id=\"us_grid_1_css\">#us_grid_1 .w-grid-item:not(:last-child){margin-bottom:10px}#us_grid_1 .g-loadmore{margin-top:10px}<\/style><style>.layout_8841 .w-grid-item-h{background:var(--color-content-bg);color:var(--color-content-text);border-radius:0.3rem;z-index:3;box-shadow:0 0.03rem 0.06rem rgba(0,0,0,0.1),0 0.10rem 0.30rem rgba(0,0,0,0.1);transition-duration:0.3s}.no-touch .layout_8841 .w-grid-item-h:hover{box-shadow:0 0.12rem 0.24rem rgba(0,0,0,0.1),0 0.40rem 1.20rem rgba(0,0,0,0.15);z-index:4}@media(max-width:799px){.layout_8841 .usg_post_image_1{display:none!important}}@media(max-width:659px){.layout_8841 .usg_post_author_1{display:none!important}}.layout_8841 .usg_post_image_1{width:50%!important}.layout_8841 .usg_post_title_1{font-family:'Poppins',sans-serif!important;font-size:calc(1.5rem + 1vw)!important}.layout_8841 .usg_vwrapper_1{padding:4% 6% 4% 6%!important}<\/style><div class=\"w-grid-list\" >\t<article class=\"w-grid-item size_1x1 post-9212 post type-post status-publish format-standard has-post-thumbnail hentry category-noticias\" data-id=\"9212\">\r\n\t\t<div class=\"w-grid-item-h\">\r\n\t\t\t\t\t\t<div class=\"w-hwrapper usg_hwrapper_1 align_left valign_middle\"><div class=\"w-vwrapper usg_vwrapper_1 align_left valign_middle\"><h2 class=\"w-post-elm post_title usg_post_title_1 entry-title color_link_inherit\"><a href=\"https:\/\/www.forumlibertas.com\/eutanasia\/presidente-de-la-comision-de-deontologia-la-eutanasia-no-es-un-area-de-conocimiento-de-los-medicos-porque-no-es-un-acto-medico\/\">Presidente de la Comisi\u00f3n de Deontolog\u00eda: &#8220;La eutanasia no es un \u00e1rea de conocimiento de los m\u00e9dicos porque no es un acto m\u00e9dico\u201d<\/a><\/h2><div class=\"w-hwrapper usg_hwrapper_2 align_left valign_middle wrap\"><div class=\"w-post-elm post_author usg_post_author_1 vcard author with_ava avapos_left\"><a href=\"https:\/\/www.forumlibertas.com\/eutanasia\/author\/carme_catala\/\" class=\"fn\" aria-hidden=\"true\" tabindex=\"-1\"><div class=\"post-author-ava\" style=\"font-size:32px;\"><img alt='' src='https:\/\/www.forumlibertas.com\/eutanasia\/wp-content\/uploads\/2021\/06\/logo-eutanasia-no-32x32.png' srcset='https:\/\/www.forumlibertas.com\/eutanasia\/wp-content\/uploads\/2021\/06\/logo-eutanasia-no-64x64.png 2x' class='avatar avatar-32 photo' height='32' width='32' \/><\/div><\/a><div class=\"post-author-meta\"><a href=\"https:\/\/www.forumlibertas.com\/eutanasia\/author\/carme_catala\/\" class=\"post-author-name fn\">ForumLibertas.com<\/a><\/div><\/div><time class=\"w-post-elm post_date usg_post_date_1 entry-date published\" datetime=\"2022-04-04T11:00:13+00:00\">4 de abril de 2022<\/time><\/div><\/div><div class=\"w-post-elm post_image usg_post_image_1 has_width stretched\"><a href=\"https:\/\/www.forumlibertas.com\/eutanasia\/presidente-de-la-comision-de-deontologia-la-eutanasia-no-es-un-area-de-conocimiento-de-los-medicos-porque-no-es-un-acto-medico\/\" aria-label=\"Presidente de la Comisi\u00f3n de Deontolog\u00eda: &#8220;La eutanasia no es un \u00e1rea de conocimiento de los m\u00e9dicos porque no es un acto m\u00e9dico\u201d\"><img decoding=\"async\" width=\"600\" height=\"337\" src=\"https:\/\/www.forumlibertas.com\/eutanasia\/wp-content\/uploads\/2022\/04\/jose-maria-dominguez-roldan-buena-600x337-1.jpg\" class=\"attachment-large size-large wp-post-image\" alt=\"\" srcset=\"https:\/\/www.forumlibertas.com\/eutanasia\/wp-content\/uploads\/2022\/04\/jose-maria-dominguez-roldan-buena-600x337-1.jpg 600w, https:\/\/www.forumlibertas.com\/eutanasia\/wp-content\/uploads\/2022\/04\/jose-maria-dominguez-roldan-buena-600x337-1-300x169.jpg 300w\" sizes=\"(max-width: 600px) 100vw, 600px\" \/><\/a><\/div><\/div>\t\t<\/div>\r\n\t<\/article>\r\n<\/div><div class=\"w-grid-preloader\"><div class=\"g-preloader type_1\">\r\n\t<div><\/div>\r\n<\/div>\r\n<\/div>\t<div class=\"w-grid-json hidden\" onclick='return {&quot;action&quot;:&quot;us_ajax_grid&quot;,&quot;ajax_url&quot;:&quot;https:\\\/\\\/www.forumlibertas.com\\\/eutanasia\\\/wp-admin\\\/admin-ajax.php&quot;,&quot;infinite_scroll&quot;:0,&quot;max_num_pages&quot;:42,&quot;pagination&quot;:&quot;none&quot;,&quot;permalink_url&quot;:&quot;https:\\\/\\\/www.forumlibertas.com\\\/eutanasia\\\/wp-json\\\/wp\\\/v2\\\/pages\\\/7041&quot;,&quot;template_vars&quot;:{&quot;columns&quot;:&quot;1&quot;,&quot;exclude_items&quot;:&quot;none&quot;,&quot;img_size&quot;:&quot;default&quot;,&quot;ignore_items_size&quot;:false,&quot;items_layout&quot;:&quot;8841&quot;,&quot;items_offset&quot;:&quot;1&quot;,&quot;load_animation&quot;:&quot;none&quot;,&quot;overriding_link&quot;:&quot;none&quot;,&quot;post_id&quot;:7041,&quot;query_args&quot;:{&quot;post_type&quot;:[&quot;post&quot;],&quot;tax_query&quot;:[{&quot;taxonomy&quot;:&quot;category&quot;,&quot;field&quot;:&quot;slug&quot;,&quot;terms&quot;:[&quot;laptops&quot;,&quot;actividades&quot;,&quot;news&quot;,&quot;recursos&quot;,&quot;noticias&quot;]}],&quot;post_status&quot;:[&quot;publish&quot;],&quot;ignore_sticky_posts&quot;:1,&quot;posts_per_page&quot;:&quot;1&quot;},&quot;orderby_query_args&quot;:{&quot;orderby&quot;:{&quot;date&quot;:&quot;DESC&quot;}},&quot;type&quot;:&quot;grid&quot;,&quot;us_grid_ajax_index&quot;:1,&quot;us_grid_filter_params&quot;:null,&quot;us_grid_index&quot;:1,&quot;_us_grid_post_type&quot;:&quot;post&quot;}}'><\/div>\r\n\t<\/div><div class=\"w-separator size_small\"><\/div><div class=\"g-cols wpb_row  type_default valign_top vc_inner\"><div class=\"vc_col-sm-4 wpb_column vc_column_container\"><div class=\"vc_column-inner us_custom_76ddcbc9\"><div class=\"wpb_wrapper\"><div class=\"wpb_text_column\" ><div class=\"wpb_wrapper\"><div class=\"w-actionbox color_primary\" style=\"padding: 20px;\">\n<h2 class=\"titulo_caja\"><a href=\"https:\/\/www.forumlibertas.com\/eutanasia\/noticias\/\">Noticias<\/a><\/h2>\n<\/div>\n<\/div><\/div><div class=\"w-separator size_small\"><\/div><div class=\"w-grid type_grid layout_8839 overflow_hidden with_css_animation\" id=\"us_grid_2\"><style id=\"us_grid_2_css\">#us_grid_2 .w-grid-item:not(:last-child){margin-bottom:10px}#us_grid_2 .g-loadmore{margin-top:10px}<\/style><style>.layout_8839 .w-grid-item-h{background:var(--color-content-bg);color:var(--color-content-text);border-radius:0.3rem;z-index:3;box-shadow:0 0.03rem 0.06rem rgba(0,0,0,0.1),0 0.10rem 0.30rem rgba(0,0,0,0.1);transition-duration:0.3s}.no-touch .layout_8839 .w-grid-item-h:hover{box-shadow:0 0.10rem 0.20rem rgba(0,0,0,0.1),0 0.33rem 1.00rem rgba(0,0,0,0.15);z-index:4}.layout_8839 .usg_post_image_1{margin-bottom:calc(-13px - 1.4rem)!important}.layout_8839 .usg_post_title_1{font-family:'Poppins',sans-serif!important;font-size:1.2rem!important;font-weight:700!important}.layout_8839 .usg_vwrapper_1{padding:1.4rem 1.8rem 1.2rem 1.8rem!important}.layout_8839 .usg_hwrapper_1{color:#999c9e!important}.layout_8839 .usg_post_date_1{font-family:'Lato',sans-serif!important;font-size:0.9rem!important}.layout_8839 .usg_post_content_1{font-family:'Lato',sans-serif!important}.layout_8839 .usg_post_taxonomy_1{font-weight:700!important;text-transform:uppercase!important;font-size:10px!important;margin-left:-12px!important}<\/style><div class=\"w-grid-list\" >\t<article class=\"w-grid-item animate_fade size_1x1 post-9208 post type-post status-publish format-standard has-post-thumbnail hentry category-noticias\" data-id=\"9208\">\r\n\t\t<div class=\"w-grid-item-h\">\r\n\t\t\t\t\t\t<div class=\"w-post-elm post_image usg_post_image_1 stretched\"><a href=\"https:\/\/www.forumlibertas.com\/eutanasia\/el-argumentario-definitivo-contra-la-eutanasia-20-ideas-incontestables\/\" aria-label=\"El argumentario definitivo contra la eutanasia: 20 ideas incontestables\"><img decoding=\"async\" width=\"300\" height=\"169\" src=\"https:\/\/www.forumlibertas.com\/eutanasia\/wp-content\/uploads\/2022\/03\/eutanasia-3-1440x808-600x337-1-300x169.jpg\" class=\"attachment-medium size-medium wp-post-image\" alt=\"\" srcset=\"https:\/\/www.forumlibertas.com\/eutanasia\/wp-content\/uploads\/2022\/03\/eutanasia-3-1440x808-600x337-1-300x169.jpg 300w, https:\/\/www.forumlibertas.com\/eutanasia\/wp-content\/uploads\/2022\/03\/eutanasia-3-1440x808-600x337-1.jpg 600w\" sizes=\"(max-width: 300px) 100vw, 300px\" \/><\/a><\/div><div class=\"w-vwrapper usg_vwrapper_1 align_left valign_top\"><div class=\"w-post-elm post_taxonomy usg_post_taxonomy_1 style_badge color_link_inherit\"><a class=\"w-btn us-btn-style_badge\" href=\"https:\/\/www.forumlibertas.com\/eutanasia\/category\/noticias\/\"><span class=\"w-btn-label\">Noticias<\/span><\/a><\/div><h2 class=\"w-post-elm post_title usg_post_title_1 entry-title color_link_inherit\"><a href=\"https:\/\/www.forumlibertas.com\/eutanasia\/el-argumentario-definitivo-contra-la-eutanasia-20-ideas-incontestables\/\">El argumentario definitivo contra la eutanasia: 20 ideas incontestables<\/a><\/h2><div class=\"w-hwrapper usg_hwrapper_1 align_left valign_top wrap\"><time class=\"w-post-elm post_date usg_post_date_1 entry-date published\" datetime=\"2022-03-11T11:03:38+00:00\" title=\"11 marzo 2022 a las 11:03:38 +00:00\">11 Mar 2022<\/time><div class=\"w-post-elm post_author usg_post_author_1 vcard author color_link_inherit\"><div class=\"post-author-meta\"><a href=\"https:\/\/www.forumlibertas.com\/eutanasia\/author\/carme_catala\/\" class=\"post-author-name fn\">ForumLibertas.com<\/a><\/div><\/div><\/div><div class=\"w-post-elm post_content usg_post_content_1\">El jueves, 25 de octubre de 2018, el Pleno del Congreso de los diputados debati\u00f3 la enmienda a la totalidad&hellip;<\/div><\/div>\t\t<\/div>\r\n\t<\/article>\r\n<\/div><div class=\"w-grid-preloader\"><div class=\"g-preloader type_1\">\r\n\t<div><\/div>\r\n<\/div>\r\n<\/div>\t<div class=\"w-grid-json hidden\" onclick='return {&quot;action&quot;:&quot;us_ajax_grid&quot;,&quot;ajax_url&quot;:&quot;https:\\\/\\\/www.forumlibertas.com\\\/eutanasia\\\/wp-admin\\\/admin-ajax.php&quot;,&quot;infinite_scroll&quot;:0,&quot;max_num_pages&quot;:24,&quot;pagination&quot;:&quot;none&quot;,&quot;permalink_url&quot;:&quot;https:\\\/\\\/www.forumlibertas.com\\\/eutanasia\\\/wp-json\\\/wp\\\/v2\\\/pages\\\/7041&quot;,&quot;template_vars&quot;:{&quot;columns&quot;:&quot;1&quot;,&quot;exclude_items&quot;:&quot;prev&quot;,&quot;img_size&quot;:&quot;default&quot;,&quot;ignore_items_size&quot;:false,&quot;items_layout&quot;:&quot;8839&quot;,&quot;items_offset&quot;:&quot;1&quot;,&quot;load_animation&quot;:&quot;fade&quot;,&quot;overriding_link&quot;:&quot;none&quot;,&quot;post_id&quot;:9212,&quot;query_args&quot;:{&quot;post_type&quot;:[&quot;post&quot;],&quot;tax_query&quot;:[{&quot;taxonomy&quot;:&quot;category&quot;,&quot;field&quot;:&quot;slug&quot;,&quot;terms&quot;:[&quot;laptops&quot;,&quot;news&quot;,&quot;noticias&quot;]}],&quot;post_status&quot;:[&quot;publish&quot;],&quot;ignore_sticky_posts&quot;:1,&quot;post__not_in&quot;:[9212],&quot;posts_per_page&quot;:&quot;1&quot;},&quot;orderby_query_args&quot;:{&quot;orderby&quot;:{&quot;date&quot;:&quot;DESC&quot;}},&quot;type&quot;:&quot;grid&quot;,&quot;us_grid_ajax_index&quot;:1,&quot;us_grid_filter_params&quot;:null,&quot;us_grid_index&quot;:2,&quot;_us_grid_post_type&quot;:&quot;post&quot;}}'><\/div>\r\n\t<\/div><\/div><\/div><\/div><div class=\"vc_col-sm-4 wpb_column vc_column_container\"><div class=\"vc_column-inner us_custom_2eb29975\"><div class=\"wpb_wrapper\"><div class=\"wpb_text_column\" ><div class=\"wpb_wrapper\"><div class=\"w-actionbox color_primary\" style=\"padding: 20px;\">\n<h2 class=\"titulo_caja\"><a href=\"https:\/\/www.forumlibertas.com\/eutanasia\/actividades\/\">Actividades<\/a><\/h2>\n<\/div>\n<\/div><\/div><div class=\"w-separator size_small\"><\/div><div class=\"w-grid type_grid layout_8839 overflow_hidden with_css_animation\" id=\"us_grid_3\"><style id=\"us_grid_3_css\">#us_grid_3 .w-grid-item:not(:last-child){margin-bottom:10px}#us_grid_3 .g-loadmore{margin-top:10px}<\/style><div class=\"w-grid-list\" >\t<article class=\"w-grid-item animate_fade size_1x1 post-9218 post type-post status-publish format-standard has-post-thumbnail hentry category-actividades\" data-id=\"9218\">\r\n\t\t<div class=\"w-grid-item-h\">\r\n\t\t\t\t\t\t<div class=\"w-post-elm post_image usg_post_image_1 stretched\"><a href=\"https:\/\/www.forumlibertas.com\/eutanasia\/si-a-la-vida-la-defensa-de-la-vida-vuelve-con-fuerza-a-las-calles-de-madrid\/\" aria-label=\"&#8220;S\u00ed a la vida&#8221;: la defensa de la vida vuelve con fuerza a las calles de Madrid\"><img decoding=\"async\" width=\"300\" height=\"169\" src=\"https:\/\/www.forumlibertas.com\/eutanasia\/wp-content\/uploads\/2022\/04\/Manifestacion-aborto-y-eutanasia2-scaled-1-600x337-1-300x169.jpg\" class=\"attachment-medium size-medium wp-post-image\" alt=\"\" srcset=\"https:\/\/www.forumlibertas.com\/eutanasia\/wp-content\/uploads\/2022\/04\/Manifestacion-aborto-y-eutanasia2-scaled-1-600x337-1-300x169.jpg 300w, https:\/\/www.forumlibertas.com\/eutanasia\/wp-content\/uploads\/2022\/04\/Manifestacion-aborto-y-eutanasia2-scaled-1-600x337-1.jpg 600w\" sizes=\"(max-width: 300px) 100vw, 300px\" \/><\/a><\/div><div class=\"w-vwrapper usg_vwrapper_1 align_left valign_top\"><div class=\"w-post-elm post_taxonomy usg_post_taxonomy_1 style_badge color_link_inherit\"><a class=\"w-btn us-btn-style_badge\" href=\"https:\/\/www.forumlibertas.com\/eutanasia\/category\/actividades\/\"><span class=\"w-btn-label\">Actividades<\/span><\/a><\/div><h2 class=\"w-post-elm post_title usg_post_title_1 entry-title color_link_inherit\"><a href=\"https:\/\/www.forumlibertas.com\/eutanasia\/si-a-la-vida-la-defensa-de-la-vida-vuelve-con-fuerza-a-las-calles-de-madrid\/\">&#8220;S\u00ed a la vida&#8221;: la defensa de la vida vuelve con fuerza a las calles de Madrid<\/a><\/h2><div class=\"w-hwrapper usg_hwrapper_1 align_left valign_top wrap\"><time class=\"w-post-elm post_date usg_post_date_1 entry-date published\" datetime=\"2022-03-11T11:19:22+00:00\" title=\"11 marzo 2022 a las 11:19:22 +00:00\">11 Mar 2022<\/time><div class=\"w-post-elm post_author usg_post_author_1 vcard author color_link_inherit\"><div class=\"post-author-meta\"><a href=\"https:\/\/www.forumlibertas.com\/eutanasia\/author\/carme_catala\/\" class=\"post-author-name fn\">ForumLibertas.com<\/a><\/div><\/div><\/div><div class=\"w-post-elm post_content usg_post_content_1\">La fiesta de la vida y en contra de la cultura de la muerte ha vuelto, festiva, a las calles&hellip;<\/div><\/div>\t\t<\/div>\r\n\t<\/article>\r\n<\/div><div class=\"w-grid-preloader\"><div class=\"g-preloader type_1\">\r\n\t<div><\/div>\r\n<\/div>\r\n<\/div>\t<div class=\"w-grid-json hidden\" onclick='return {&quot;action&quot;:&quot;us_ajax_grid&quot;,&quot;ajax_url&quot;:&quot;https:\\\/\\\/www.forumlibertas.com\\\/eutanasia\\\/wp-admin\\\/admin-ajax.php&quot;,&quot;infinite_scroll&quot;:0,&quot;max_num_pages&quot;:14,&quot;pagination&quot;:&quot;none&quot;,&quot;permalink_url&quot;:&quot;https:\\\/\\\/www.forumlibertas.com\\\/eutanasia\\\/wp-json\\\/wp\\\/v2\\\/pages\\\/7041&quot;,&quot;template_vars&quot;:{&quot;columns&quot;:&quot;1&quot;,&quot;exclude_items&quot;:&quot;prev&quot;,&quot;img_size&quot;:&quot;default&quot;,&quot;ignore_items_size&quot;:false,&quot;items_layout&quot;:&quot;8839&quot;,&quot;items_offset&quot;:&quot;1&quot;,&quot;load_animation&quot;:&quot;fade&quot;,&quot;overriding_link&quot;:&quot;none&quot;,&quot;post_id&quot;:9208,&quot;query_args&quot;:{&quot;post_type&quot;:[&quot;post&quot;],&quot;tax_query&quot;:[{&quot;taxonomy&quot;:&quot;category&quot;,&quot;field&quot;:&quot;slug&quot;,&quot;terms&quot;:[&quot;laptops&quot;,&quot;actividades&quot;]}],&quot;post_status&quot;:[&quot;publish&quot;],&quot;ignore_sticky_posts&quot;:1,&quot;post__not_in&quot;:[9212,9208],&quot;posts_per_page&quot;:&quot;1&quot;},&quot;orderby_query_args&quot;:{&quot;orderby&quot;:{&quot;date&quot;:&quot;DESC&quot;}},&quot;type&quot;:&quot;grid&quot;,&quot;us_grid_ajax_index&quot;:1,&quot;us_grid_filter_params&quot;:null,&quot;us_grid_index&quot;:3,&quot;_us_grid_post_type&quot;:&quot;post&quot;}}'><\/div>\r\n\t<\/div><\/div><\/div><\/div><div class=\"vc_col-sm-4 wpb_column vc_column_container\"><div class=\"vc_column-inner us_custom_0552f97c\"><div class=\"wpb_wrapper\"><div class=\"wpb_text_column\" ><div class=\"wpb_wrapper\"><div class=\"w-actionbox color_primary\" style=\"padding: 20px;\">\n<h2 class=\"titulo_caja\"><a href=\"https:\/\/www.forumlibertas.com\/eutanasia\/recursos\/\">Recursos<\/a><\/h2>\n<\/div>\n<\/div><\/div><div class=\"w-separator size_small\"><\/div><div class=\"w-grid type_grid layout_8839 overflow_hidden with_css_animation\" id=\"us_grid_4\"><style id=\"us_grid_4_css\">#us_grid_4 .w-grid-item:not(:last-child){margin-bottom:10px}#us_grid_4 .g-loadmore{margin-top:10px}<\/style><div class=\"w-grid-list\" >\t<article class=\"w-grid-item animate_fade size_1x1 post-9155 post type-post status-publish format-standard has-post-thumbnail hentry category-recursos tag-eutanasia\" data-id=\"9155\">\r\n\t\t<div class=\"w-grid-item-h\">\r\n\t\t\t\t\t\t<div class=\"w-post-elm post_image usg_post_image_1 stretched\"><a href=\"https:\/\/www.forumlibertas.com\/eutanasia\/que-ha-supuesto-la-aprobacion-de-la-ley-de-la-eutanasia-en-espana\/\" aria-label=\"Qu\u00e9 ha supuesto la aprobaci\u00f3n de la ley de la eutanasia en Espa\u00f1a\"><img decoding=\"async\" width=\"300\" height=\"194\" src=\"https:\/\/www.forumlibertas.com\/eutanasia\/wp-content\/uploads\/2021\/09\/mayor-oreja-eutanasia-kl6E-U401265667551Fs-620x400@abc-300x194.jpg\" class=\"attachment-medium size-medium wp-post-image\" alt=\"\" srcset=\"https:\/\/www.forumlibertas.com\/eutanasia\/wp-content\/uploads\/2021\/09\/mayor-oreja-eutanasia-kl6E-U401265667551Fs-620x400@abc-300x194.jpg 300w, https:\/\/www.forumlibertas.com\/eutanasia\/wp-content\/uploads\/2021\/09\/mayor-oreja-eutanasia-kl6E-U401265667551Fs-620x400@abc.jpg 620w\" sizes=\"(max-width: 300px) 100vw, 300px\" \/><\/a><\/div><div class=\"w-vwrapper usg_vwrapper_1 align_left valign_top\"><div class=\"w-post-elm post_taxonomy usg_post_taxonomy_1 style_badge color_link_inherit\"><a class=\"w-btn us-btn-style_badge\" href=\"https:\/\/www.forumlibertas.com\/eutanasia\/category\/recursos\/\"><span class=\"w-btn-label\">Recursos<\/span><\/a><\/div><h2 class=\"w-post-elm post_title usg_post_title_1 entry-title color_link_inherit\"><a href=\"https:\/\/www.forumlibertas.com\/eutanasia\/que-ha-supuesto-la-aprobacion-de-la-ley-de-la-eutanasia-en-espana\/\">Qu\u00e9 ha supuesto la aprobaci\u00f3n de la ley de la eutanasia en Espa\u00f1a<\/a><\/h2><div class=\"w-hwrapper usg_hwrapper_1 align_left valign_top wrap\"><time class=\"w-post-elm post_date usg_post_date_1 entry-date published\" datetime=\"2021-09-22T10:39:31+00:00\" title=\"22 septiembre 2021 a las 10:39:31 +00:00\">22 Sep 2021<\/time><div class=\"w-post-elm post_author usg_post_author_1 vcard author color_link_inherit\"><div class=\"post-author-meta\"><a href=\"https:\/\/www.forumlibertas.com\/eutanasia\/author\/mar_baxerias\/\" class=\"post-author-name fn\">ForumLibertas.com<\/a><\/div><\/div><\/div><div class=\"w-post-elm post_content usg_post_content_1\">Por su inter\u00e9s, adjuntamos la Intervenci\u00f3n Jaime Mayor Oreja imparti\u00f3 en los Cursos de Verano de La Granda celebrado el&hellip;<\/div><\/div>\t\t<\/div>\r\n\t<\/article>\r\n<\/div><div class=\"w-grid-preloader\"><div class=\"g-preloader type_1\">\r\n\t<div><\/div>\r\n<\/div>\r\n<\/div>\t<div class=\"w-grid-json hidden\" onclick='return {&quot;action&quot;:&quot;us_ajax_grid&quot;,&quot;ajax_url&quot;:&quot;https:\\\/\\\/www.forumlibertas.com\\\/eutanasia\\\/wp-admin\\\/admin-ajax.php&quot;,&quot;infinite_scroll&quot;:0,&quot;max_num_pages&quot;:3,&quot;pagination&quot;:&quot;none&quot;,&quot;permalink_url&quot;:&quot;https:\\\/\\\/www.forumlibertas.com\\\/eutanasia\\\/wp-json\\\/wp\\\/v2\\\/pages\\\/7041&quot;,&quot;template_vars&quot;:{&quot;columns&quot;:&quot;1&quot;,&quot;exclude_items&quot;:&quot;prev&quot;,&quot;img_size&quot;:&quot;default&quot;,&quot;ignore_items_size&quot;:false,&quot;items_layout&quot;:&quot;8839&quot;,&quot;items_offset&quot;:&quot;1&quot;,&quot;load_animation&quot;:&quot;fade&quot;,&quot;overriding_link&quot;:&quot;none&quot;,&quot;post_id&quot;:9218,&quot;query_args&quot;:{&quot;post_type&quot;:[&quot;post&quot;],&quot;tax_query&quot;:[{&quot;taxonomy&quot;:&quot;category&quot;,&quot;field&quot;:&quot;slug&quot;,&quot;terms&quot;:[&quot;laptops&quot;,&quot;recursos&quot;]}],&quot;post_status&quot;:[&quot;publish&quot;],&quot;ignore_sticky_posts&quot;:1,&quot;post__not_in&quot;:[9212,9208,9218],&quot;posts_per_page&quot;:&quot;1&quot;},&quot;orderby_query_args&quot;:{&quot;orderby&quot;:{&quot;date&quot;:&quot;DESC&quot;}},&quot;type&quot;:&quot;grid&quot;,&quot;us_grid_ajax_index&quot;:1,&quot;us_grid_filter_params&quot;:null,&quot;us_grid_index&quot;:4,&quot;_us_grid_post_type&quot;:&quot;post&quot;}}'><\/div>\r\n\t<\/div><\/div><\/div><\/div><\/div><div class=\"w-separator size_small\"><\/div><div class=\"g-cols wpb_row  type_default valign_top vc_inner\"><div class=\"vc_col-sm-4 wpb_column vc_column_container\"><div class=\"vc_column-inner us_custom_76ddcbc9\"><div class=\"wpb_wrapper\"><div class=\"w-grid type_grid layout_8839 overflow_hidden with_css_animation\" id=\"us_grid_5\"><style id=\"us_grid_5_css\">#us_grid_5 .w-grid-item:not(:last-child){margin-bottom:10px}#us_grid_5 .g-loadmore{margin-top:10px}<\/style><div class=\"w-grid-list\" >\t<article class=\"w-grid-item animate_fade size_1x1 post-9215 post type-post status-publish format-standard has-post-thumbnail hentry category-noticias\" data-id=\"9215\">\r\n\t\t<div class=\"w-grid-item-h\">\r\n\t\t\t\t\t\t<div class=\"w-post-elm post_image usg_post_image_1 stretched\"><a href=\"https:\/\/www.forumlibertas.com\/eutanasia\/eutanasia-y-estado\/\" aria-label=\"Eutanasia y Estado\"><img decoding=\"async\" width=\"300\" height=\"169\" src=\"https:\/\/www.forumlibertas.com\/eutanasia\/wp-content\/uploads\/2022\/04\/eutanasia-y-estado-600x337-1-300x169.jpg\" class=\"attachment-medium size-medium wp-post-image\" alt=\"\" srcset=\"https:\/\/www.forumlibertas.com\/eutanasia\/wp-content\/uploads\/2022\/04\/eutanasia-y-estado-600x337-1-300x169.jpg 300w, https:\/\/www.forumlibertas.com\/eutanasia\/wp-content\/uploads\/2022\/04\/eutanasia-y-estado-600x337-1.jpg 600w\" sizes=\"(max-width: 300px) 100vw, 300px\" \/><\/a><\/div><div class=\"w-vwrapper usg_vwrapper_1 align_left valign_top\"><div class=\"w-post-elm post_taxonomy usg_post_taxonomy_1 style_badge color_link_inherit\"><a class=\"w-btn us-btn-style_badge\" href=\"https:\/\/www.forumlibertas.com\/eutanasia\/category\/noticias\/\"><span class=\"w-btn-label\">Noticias<\/span><\/a><\/div><h2 class=\"w-post-elm post_title usg_post_title_1 entry-title color_link_inherit\"><a href=\"https:\/\/www.forumlibertas.com\/eutanasia\/eutanasia-y-estado\/\">Eutanasia y Estado<\/a><\/h2><div class=\"w-hwrapper usg_hwrapper_1 align_left valign_top wrap\"><time class=\"w-post-elm post_date usg_post_date_1 entry-date published\" datetime=\"2022-03-01T11:12:08+00:00\" title=\"1 marzo 2022 a las 11:12:08 +00:00\">1 Mar 2022<\/time><div class=\"w-post-elm post_author usg_post_author_1 vcard author color_link_inherit\"><div class=\"post-author-meta\"><a href=\"https:\/\/www.forumlibertas.com\/eutanasia\/author\/carme_catala\/\" class=\"post-author-name fn\">ForumLibertas.com<\/a><\/div><\/div><\/div><div class=\"w-post-elm post_content usg_post_content_1\">Entre los muchos aspectos que giran cuando se discute sobre eutanasia, uno se refiere al papel que el Estado tiene&hellip;<\/div><\/div>\t\t<\/div>\r\n\t<\/article>\r\n<\/div><div class=\"w-grid-preloader\"><div class=\"g-preloader type_1\">\r\n\t<div><\/div>\r\n<\/div>\r\n<\/div>\t<div class=\"w-grid-json hidden\" onclick='return {&quot;action&quot;:&quot;us_ajax_grid&quot;,&quot;ajax_url&quot;:&quot;https:\\\/\\\/www.forumlibertas.com\\\/eutanasia\\\/wp-admin\\\/admin-ajax.php&quot;,&quot;infinite_scroll&quot;:0,&quot;max_num_pages&quot;:23,&quot;pagination&quot;:&quot;none&quot;,&quot;permalink_url&quot;:&quot;https:\\\/\\\/www.forumlibertas.com\\\/eutanasia\\\/wp-json\\\/wp\\\/v2\\\/pages\\\/7041&quot;,&quot;template_vars&quot;:{&quot;columns&quot;:&quot;1&quot;,&quot;exclude_items&quot;:&quot;prev&quot;,&quot;img_size&quot;:&quot;default&quot;,&quot;ignore_items_size&quot;:false,&quot;items_layout&quot;:&quot;8839&quot;,&quot;items_offset&quot;:&quot;1&quot;,&quot;load_animation&quot;:&quot;fade&quot;,&quot;overriding_link&quot;:&quot;none&quot;,&quot;post_id&quot;:9155,&quot;query_args&quot;:{&quot;post_type&quot;:[&quot;post&quot;],&quot;tax_query&quot;:[{&quot;taxonomy&quot;:&quot;category&quot;,&quot;field&quot;:&quot;slug&quot;,&quot;terms&quot;:[&quot;laptops&quot;,&quot;news&quot;,&quot;noticias&quot;]}],&quot;post_status&quot;:[&quot;publish&quot;],&quot;ignore_sticky_posts&quot;:1,&quot;post__not_in&quot;:[9212,9208,9218,9155],&quot;posts_per_page&quot;:&quot;1&quot;},&quot;orderby_query_args&quot;:{&quot;orderby&quot;:{&quot;date&quot;:&quot;DESC&quot;}},&quot;type&quot;:&quot;grid&quot;,&quot;us_grid_ajax_index&quot;:1,&quot;us_grid_filter_params&quot;:null,&quot;us_grid_index&quot;:5,&quot;_us_grid_post_type&quot;:&quot;post&quot;}}'><\/div>\r\n\t<\/div><\/div><\/div><\/div><div class=\"vc_col-sm-4 wpb_column vc_column_container\"><div class=\"vc_column-inner us_custom_2eb29975\"><div class=\"wpb_wrapper\"><div class=\"w-grid type_grid layout_8839 overflow_hidden with_css_animation\" id=\"us_grid_6\"><style id=\"us_grid_6_css\">#us_grid_6 .w-grid-item:not(:last-child){margin-bottom:10px}#us_grid_6 .g-loadmore{margin-top:10px}<\/style><div class=\"w-grid-list\" >\t<article class=\"w-grid-item animate_fade size_1x1 post-9193 post type-post status-publish format-standard has-post-thumbnail hentry category-actividades tag-eutanasia\" data-id=\"9193\">\r\n\t\t<div class=\"w-grid-item-h\">\r\n\t\t\t\t\t\t<div class=\"w-post-elm post_image usg_post_image_1 stretched\"><a href=\"https:\/\/www.forumlibertas.com\/eutanasia\/iv-jornadas-catolicos-y-vida-publica-de-zaragoza-online\/\" aria-label=\"IV Jornadas Cat\u00f3licos y Vida P\u00fablica de Zaragoza. Online\"><img decoding=\"async\" width=\"300\" height=\"169\" src=\"https:\/\/www.forumlibertas.com\/eutanasia\/wp-content\/uploads\/2022\/02\/anciano-600x337-1-300x169.jpg\" class=\"attachment-medium size-medium wp-post-image\" alt=\"\" srcset=\"https:\/\/www.forumlibertas.com\/eutanasia\/wp-content\/uploads\/2022\/02\/anciano-600x337-1-300x169.jpg 300w, https:\/\/www.forumlibertas.com\/eutanasia\/wp-content\/uploads\/2022\/02\/anciano-600x337-1.jpg 600w\" sizes=\"(max-width: 300px) 100vw, 300px\" \/><\/a><\/div><div class=\"w-vwrapper usg_vwrapper_1 align_left valign_top\"><div class=\"w-post-elm post_taxonomy usg_post_taxonomy_1 style_badge color_link_inherit\"><a class=\"w-btn us-btn-style_badge\" href=\"https:\/\/www.forumlibertas.com\/eutanasia\/category\/actividades\/\"><span class=\"w-btn-label\">Actividades<\/span><\/a><\/div><h2 class=\"w-post-elm post_title usg_post_title_1 entry-title color_link_inherit\"><a href=\"https:\/\/www.forumlibertas.com\/eutanasia\/iv-jornadas-catolicos-y-vida-publica-de-zaragoza-online\/\">IV Jornadas Cat\u00f3licos y Vida P\u00fablica de Zaragoza. Online<\/a><\/h2><div class=\"w-hwrapper usg_hwrapper_1 align_left valign_top wrap\"><time class=\"w-post-elm post_date usg_post_date_1 entry-date published\" datetime=\"2022-02-07T15:26:21+00:00\" title=\"7 febrero 2022 a las 15:26:21 +00:00\">7 Feb 2022<\/time><div class=\"w-post-elm post_author usg_post_author_1 vcard author color_link_inherit\"><div class=\"post-author-meta\"><a href=\"https:\/\/www.forumlibertas.com\/eutanasia\/author\/mar_baxerias\/\" class=\"post-author-name fn\">ForumLibertas.com<\/a><\/div><\/div><\/div><div class=\"w-post-elm post_content usg_post_content_1\">IV Jornadas Cat\u00f3licos y Vida P\u00fablica. 18 y 19 de febrero de 2022. Celebraci\u00f3n online a trav\u00e9s del canal de&hellip;<\/div><\/div>\t\t<\/div>\r\n\t<\/article>\r\n<\/div><div class=\"w-grid-preloader\"><div class=\"g-preloader type_1\">\r\n\t<div><\/div>\r\n<\/div>\r\n<\/div>\t<div class=\"w-grid-json hidden\" onclick='return {&quot;action&quot;:&quot;us_ajax_grid&quot;,&quot;ajax_url&quot;:&quot;https:\\\/\\\/www.forumlibertas.com\\\/eutanasia\\\/wp-admin\\\/admin-ajax.php&quot;,&quot;infinite_scroll&quot;:0,&quot;max_num_pages&quot;:13,&quot;pagination&quot;:&quot;none&quot;,&quot;permalink_url&quot;:&quot;https:\\\/\\\/www.forumlibertas.com\\\/eutanasia\\\/wp-json\\\/wp\\\/v2\\\/pages\\\/7041&quot;,&quot;template_vars&quot;:{&quot;columns&quot;:&quot;1&quot;,&quot;exclude_items&quot;:&quot;prev&quot;,&quot;img_size&quot;:&quot;default&quot;,&quot;ignore_items_size&quot;:false,&quot;items_layout&quot;:&quot;8839&quot;,&quot;items_offset&quot;:&quot;1&quot;,&quot;load_animation&quot;:&quot;fade&quot;,&quot;overriding_link&quot;:&quot;none&quot;,&quot;post_id&quot;:9215,&quot;query_args&quot;:{&quot;post_type&quot;:[&quot;post&quot;],&quot;tax_query&quot;:[{&quot;taxonomy&quot;:&quot;category&quot;,&quot;field&quot;:&quot;slug&quot;,&quot;terms&quot;:[&quot;laptops&quot;,&quot;actividades&quot;]}],&quot;post_status&quot;:[&quot;publish&quot;],&quot;ignore_sticky_posts&quot;:1,&quot;post__not_in&quot;:[9212,9208,9218,9155,9215],&quot;posts_per_page&quot;:&quot;1&quot;},&quot;orderby_query_args&quot;:{&quot;orderby&quot;:{&quot;date&quot;:&quot;DESC&quot;}},&quot;type&quot;:&quot;grid&quot;,&quot;us_grid_ajax_index&quot;:1,&quot;us_grid_filter_params&quot;:null,&quot;us_grid_index&quot;:6,&quot;_us_grid_post_type&quot;:&quot;post&quot;}}'><\/div>\r\n\t<\/div><\/div><\/div><\/div><div class=\"vc_col-sm-4 wpb_column vc_column_container\"><div class=\"vc_column-inner us_custom_0552f97c\"><div class=\"wpb_wrapper\"><div class=\"w-grid type_grid layout_8839 overflow_hidden with_css_animation\" id=\"us_grid_7\"><style id=\"us_grid_7_css\">#us_grid_7 .w-grid-item:not(:last-child){margin-bottom:10px}#us_grid_7 .g-loadmore{margin-top:10px}<\/style><div class=\"w-grid-list\" >\t<article class=\"w-grid-item animate_fade size_1x1 post-9073 post type-post status-publish format-standard has-post-thumbnail hentry category-recursos\" data-id=\"9073\">\r\n\t\t<div class=\"w-grid-item-h\">\r\n\t\t\t\t\t\t<div class=\"w-post-elm post_image usg_post_image_1 stretched\"><a href=\"https:\/\/www.forumlibertas.com\/eutanasia\/dudas-y-preguntas-ley-eutanasia\/\" aria-label=\"Dudas y preguntas sobre la aplicaci\u00f3n de la ley de la eutanasia en Espa\u00f1a\"><img decoding=\"async\" width=\"300\" height=\"160\" src=\"https:\/\/www.forumlibertas.com\/eutanasia\/wp-content\/uploads\/2021\/07\/eutanasia-600x320-1-300x160.jpg\" class=\"attachment-medium size-medium wp-post-image\" alt=\"\" srcset=\"https:\/\/www.forumlibertas.com\/eutanasia\/wp-content\/uploads\/2021\/07\/eutanasia-600x320-1-300x160.jpg 300w, https:\/\/www.forumlibertas.com\/eutanasia\/wp-content\/uploads\/2021\/07\/eutanasia-600x320-1.jpg 600w\" sizes=\"(max-width: 300px) 100vw, 300px\" \/><\/a><\/div><div class=\"w-vwrapper usg_vwrapper_1 align_left valign_top\"><div class=\"w-post-elm post_taxonomy usg_post_taxonomy_1 style_badge color_link_inherit\"><a class=\"w-btn us-btn-style_badge\" href=\"https:\/\/www.forumlibertas.com\/eutanasia\/category\/recursos\/\"><span class=\"w-btn-label\">Recursos<\/span><\/a><\/div><h2 class=\"w-post-elm post_title usg_post_title_1 entry-title color_link_inherit\"><a href=\"https:\/\/www.forumlibertas.com\/eutanasia\/dudas-y-preguntas-ley-eutanasia\/\">Dudas y preguntas sobre la aplicaci\u00f3n de la ley de la eutanasia en Espa\u00f1a<\/a><\/h2><div class=\"w-hwrapper usg_hwrapper_1 align_left valign_top wrap\"><time class=\"w-post-elm post_date usg_post_date_1 entry-date published\" datetime=\"2021-07-01T07:25:58+00:00\" title=\"1 julio 2021 a las 07:25:58 +00:00\">1 Jul 2021<\/time><div class=\"w-post-elm post_author usg_post_author_1 vcard author color_link_inherit\"><div class=\"post-author-meta\"><a href=\"https:\/\/www.forumlibertas.com\/eutanasia\/author\/muntsa_escola\/\" class=\"post-author-name fn\">ForumLibertas.com<\/a><\/div><\/div><\/div><div class=\"w-post-elm post_content usg_post_content_1\">La \u201cLey Org\u00e1nica 3\/2021 de regulaci\u00f3n de la eutanasia\u201d, que entra en vigor a partir del 25 de junio, establece&hellip;<\/div><\/div>\t\t<\/div>\r\n\t<\/article>\r\n<\/div><div class=\"w-grid-preloader\"><div class=\"g-preloader type_1\">\r\n\t<div><\/div>\r\n<\/div>\r\n<\/div>\t<div class=\"w-grid-json hidden\" onclick='return {&quot;action&quot;:&quot;us_ajax_grid&quot;,&quot;ajax_url&quot;:&quot;https:\\\/\\\/www.forumlibertas.com\\\/eutanasia\\\/wp-admin\\\/admin-ajax.php&quot;,&quot;infinite_scroll&quot;:0,&quot;max_num_pages&quot;:2,&quot;pagination&quot;:&quot;none&quot;,&quot;permalink_url&quot;:&quot;https:\\\/\\\/www.forumlibertas.com\\\/eutanasia\\\/wp-json\\\/wp\\\/v2\\\/pages\\\/7041&quot;,&quot;template_vars&quot;:{&quot;columns&quot;:&quot;1&quot;,&quot;exclude_items&quot;:&quot;prev&quot;,&quot;img_size&quot;:&quot;default&quot;,&quot;ignore_items_size&quot;:false,&quot;items_layout&quot;:&quot;8839&quot;,&quot;items_offset&quot;:&quot;1&quot;,&quot;load_animation&quot;:&quot;fade&quot;,&quot;overriding_link&quot;:&quot;none&quot;,&quot;post_id&quot;:9193,&quot;query_args&quot;:{&quot;post_type&quot;:[&quot;post&quot;],&quot;tax_query&quot;:[{&quot;taxonomy&quot;:&quot;category&quot;,&quot;field&quot;:&quot;slug&quot;,&quot;terms&quot;:[&quot;laptops&quot;,&quot;recursos&quot;]}],&quot;post_status&quot;:[&quot;publish&quot;],&quot;ignore_sticky_posts&quot;:1,&quot;post__not_in&quot;:[9212,9208,9218,9155,9215,9193],&quot;posts_per_page&quot;:&quot;1&quot;},&quot;orderby_query_args&quot;:{&quot;orderby&quot;:{&quot;date&quot;:&quot;DESC&quot;}},&quot;type&quot;:&quot;grid&quot;,&quot;us_grid_ajax_index&quot;:1,&quot;us_grid_filter_params&quot;:null,&quot;us_grid_index&quot;:7,&quot;_us_grid_post_type&quot;:&quot;post&quot;}}'><\/div>\r\n\t<\/div><\/div><\/div><\/div><\/div><div class=\"w-separator size_small\"><\/div><div class=\"g-cols wpb_row  type_default valign_top vc_inner\"><div class=\"vc_col-sm-4 wpb_column vc_column_container\"><div class=\"vc_column-inner us_custom_76ddcbc9\"><div class=\"wpb_wrapper\"><div class=\"w-grid type_grid layout_8839 overflow_hidden with_css_animation\" id=\"us_grid_8\"><style id=\"us_grid_8_css\">#us_grid_8 .w-grid-item:not(:last-child){margin-bottom:10px}#us_grid_8 .g-loadmore{margin-top:10px}<\/style><div class=\"w-grid-list\" >\t<article class=\"w-grid-item animate_fade size_1x1 post-9198 post type-post status-publish format-standard has-post-thumbnail hentry category-noticias\" data-id=\"9198\">\r\n\t\t<div class=\"w-grid-item-h\">\r\n\t\t\t\t\t\t<div class=\"w-post-elm post_image usg_post_image_1 stretched\"><a href=\"https:\/\/www.forumlibertas.com\/eutanasia\/italia-debate-la-eutanasia-la-vida-gana-la-primera-batalla\/\" aria-label=\"Italia debate la eutanasia: la vida gana la primera batalla\"><img decoding=\"async\" width=\"300\" height=\"150\" src=\"https:\/\/www.forumlibertas.com\/eutanasia\/wp-content\/uploads\/2022\/02\/referendum_eutanasia_legale_suicidio_cappato_coscioni_radicali_lapresse_2022-640x300-1-600x300-1-300x150.jpg\" class=\"attachment-medium size-medium wp-post-image\" alt=\"\" srcset=\"https:\/\/www.forumlibertas.com\/eutanasia\/wp-content\/uploads\/2022\/02\/referendum_eutanasia_legale_suicidio_cappato_coscioni_radicali_lapresse_2022-640x300-1-600x300-1-300x150.jpg 300w, https:\/\/www.forumlibertas.com\/eutanasia\/wp-content\/uploads\/2022\/02\/referendum_eutanasia_legale_suicidio_cappato_coscioni_radicali_lapresse_2022-640x300-1-600x300-1.jpg 600w\" sizes=\"(max-width: 300px) 100vw, 300px\" \/><\/a><\/div><div class=\"w-vwrapper usg_vwrapper_1 align_left valign_top\"><div class=\"w-post-elm post_taxonomy usg_post_taxonomy_1 style_badge color_link_inherit\"><a class=\"w-btn us-btn-style_badge\" href=\"https:\/\/www.forumlibertas.com\/eutanasia\/category\/noticias\/\"><span class=\"w-btn-label\">Noticias<\/span><\/a><\/div><h2 class=\"w-post-elm post_title usg_post_title_1 entry-title color_link_inherit\"><a href=\"https:\/\/www.forumlibertas.com\/eutanasia\/italia-debate-la-eutanasia-la-vida-gana-la-primera-batalla\/\">Italia debate la eutanasia: la vida gana la primera batalla<\/a><\/h2><div class=\"w-hwrapper usg_hwrapper_1 align_left valign_top wrap\"><time class=\"w-post-elm post_date usg_post_date_1 entry-date published\" datetime=\"2022-02-17T11:16:20+00:00\" title=\"17 febrero 2022 a las 11:16:20 +00:00\">17 Feb 2022<\/time><div class=\"w-post-elm post_author usg_post_author_1 vcard author color_link_inherit\"><div class=\"post-author-meta\"><a href=\"https:\/\/www.forumlibertas.com\/eutanasia\/author\/mar_baxerias\/\" class=\"post-author-name fn\">ForumLibertas.com<\/a><\/div><\/div><\/div><div class=\"w-post-elm post_content usg_post_content_1\">Desde la\u00a0Conferencia Episcopal Italiana\u00a0(CEI) llegan los aplausos a\u00a0la decisi\u00f3n del Tribunal Constitucional de Italia sobre el fondo del refer\u00e9ndum sobre&hellip;<\/div><\/div>\t\t<\/div>\r\n\t<\/article>\r\n<\/div><div class=\"w-grid-preloader\"><div class=\"g-preloader type_1\">\r\n\t<div><\/div>\r\n<\/div>\r\n<\/div>\t<div class=\"w-grid-json hidden\" onclick='return {&quot;action&quot;:&quot;us_ajax_grid&quot;,&quot;ajax_url&quot;:&quot;https:\\\/\\\/www.forumlibertas.com\\\/eutanasia\\\/wp-admin\\\/admin-ajax.php&quot;,&quot;infinite_scroll&quot;:0,&quot;max_num_pages&quot;:22,&quot;pagination&quot;:&quot;none&quot;,&quot;permalink_url&quot;:&quot;https:\\\/\\\/www.forumlibertas.com\\\/eutanasia\\\/wp-json\\\/wp\\\/v2\\\/pages\\\/7041&quot;,&quot;template_vars&quot;:{&quot;columns&quot;:&quot;1&quot;,&quot;exclude_items&quot;:&quot;prev&quot;,&quot;img_size&quot;:&quot;default&quot;,&quot;ignore_items_size&quot;:false,&quot;items_layout&quot;:&quot;8839&quot;,&quot;items_offset&quot;:&quot;1&quot;,&quot;load_animation&quot;:&quot;fade&quot;,&quot;overriding_link&quot;:&quot;none&quot;,&quot;post_id&quot;:9073,&quot;query_args&quot;:{&quot;post_type&quot;:[&quot;post&quot;],&quot;tax_query&quot;:[{&quot;taxonomy&quot;:&quot;category&quot;,&quot;field&quot;:&quot;slug&quot;,&quot;terms&quot;:[&quot;laptops&quot;,&quot;news&quot;,&quot;noticias&quot;]}],&quot;post_status&quot;:[&quot;publish&quot;],&quot;ignore_sticky_posts&quot;:1,&quot;post__not_in&quot;:[9212,9208,9218,9155,9215,9193,9073],&quot;posts_per_page&quot;:&quot;1&quot;},&quot;orderby_query_args&quot;:{&quot;orderby&quot;:{&quot;date&quot;:&quot;DESC&quot;}},&quot;type&quot;:&quot;grid&quot;,&quot;us_grid_ajax_index&quot;:1,&quot;us_grid_filter_params&quot;:null,&quot;us_grid_index&quot;:8,&quot;_us_grid_post_type&quot;:&quot;post&quot;}}'><\/div>\r\n\t<\/div><\/div><\/div><\/div><div class=\"vc_col-sm-4 wpb_column vc_column_container\"><div class=\"vc_column-inner us_custom_2eb29975\"><div class=\"wpb_wrapper\"><div class=\"w-grid type_grid layout_8839 overflow_hidden with_css_animation\" id=\"us_grid_9\"><style id=\"us_grid_9_css\">#us_grid_9 .w-grid-item:not(:last-child){margin-bottom:10px}#us_grid_9 .g-loadmore{margin-top:10px}<\/style><div class=\"w-grid-list\" >\t<article class=\"w-grid-item animate_fade size_1x1 post-9188 post type-post status-publish format-standard has-post-thumbnail hentry category-actividades\" data-id=\"9188\">\r\n\t\t<div class=\"w-grid-item-h\">\r\n\t\t\t\t\t\t<div class=\"w-post-elm post_image usg_post_image_1 stretched\"><a href=\"https:\/\/www.forumlibertas.com\/eutanasia\/concentracion-cada-vida-importa-28n\/\" aria-label=\"Concentraci\u00f3n \u00abCada Vida Importa\u00bb #28N\"><img decoding=\"async\" width=\"212\" height=\"300\" src=\"https:\/\/www.forumlibertas.com\/eutanasia\/wp-content\/uploads\/2021\/11\/FEEmFWUXwAMEFhA-212x300.jpg\" class=\"attachment-medium size-medium wp-post-image\" alt=\"\" srcset=\"https:\/\/www.forumlibertas.com\/eutanasia\/wp-content\/uploads\/2021\/11\/FEEmFWUXwAMEFhA-212x300.jpg 212w, https:\/\/www.forumlibertas.com\/eutanasia\/wp-content\/uploads\/2021\/11\/FEEmFWUXwAMEFhA-724x1024.jpg 724w, https:\/\/www.forumlibertas.com\/eutanasia\/wp-content\/uploads\/2021\/11\/FEEmFWUXwAMEFhA.jpg 848w\" sizes=\"(max-width: 212px) 100vw, 212px\" \/><\/a><\/div><div class=\"w-vwrapper usg_vwrapper_1 align_left valign_top\"><div class=\"w-post-elm post_taxonomy usg_post_taxonomy_1 style_badge color_link_inherit\"><a class=\"w-btn us-btn-style_badge\" href=\"https:\/\/www.forumlibertas.com\/eutanasia\/category\/actividades\/\"><span class=\"w-btn-label\">Actividades<\/span><\/a><\/div><h2 class=\"w-post-elm post_title usg_post_title_1 entry-title color_link_inherit\"><a href=\"https:\/\/www.forumlibertas.com\/eutanasia\/concentracion-cada-vida-importa-28n\/\">Concentraci\u00f3n \u00abCada Vida Importa\u00bb #28N<\/a><\/h2><div class=\"w-hwrapper usg_hwrapper_1 align_left valign_top wrap\"><time class=\"w-post-elm post_date usg_post_date_1 entry-date published\" datetime=\"2021-11-16T14:39:11+00:00\" title=\"16 noviembre 2021 a las 14:39:11 +00:00\">16 Nov 2021<\/time><div class=\"w-post-elm post_author usg_post_author_1 vcard author color_link_inherit\"><div class=\"post-author-meta\"><a href=\"https:\/\/www.forumlibertas.com\/eutanasia\/author\/mar_baxerias\/\" class=\"post-author-name fn\">ForumLibertas.com<\/a><\/div><\/div><\/div><div class=\"w-post-elm post_content usg_post_content_1\">Concentraci\u00f3n en Madrid, no marcha (Puerta de Alcal\u00e1 con C\/Serrano) el domingo 28 de noviembre, a las 12h., convocada por&hellip;<\/div><\/div>\t\t<\/div>\r\n\t<\/article>\r\n<\/div><div class=\"w-grid-preloader\"><div class=\"g-preloader type_1\">\r\n\t<div><\/div>\r\n<\/div>\r\n<\/div>\t<div class=\"w-grid-json hidden\" onclick='return {&quot;action&quot;:&quot;us_ajax_grid&quot;,&quot;ajax_url&quot;:&quot;https:\\\/\\\/www.forumlibertas.com\\\/eutanasia\\\/wp-admin\\\/admin-ajax.php&quot;,&quot;infinite_scroll&quot;:0,&quot;max_num_pages&quot;:12,&quot;pagination&quot;:&quot;none&quot;,&quot;permalink_url&quot;:&quot;https:\\\/\\\/www.forumlibertas.com\\\/eutanasia\\\/wp-json\\\/wp\\\/v2\\\/pages\\\/7041&quot;,&quot;template_vars&quot;:{&quot;columns&quot;:&quot;1&quot;,&quot;exclude_items&quot;:&quot;prev&quot;,&quot;img_size&quot;:&quot;default&quot;,&quot;ignore_items_size&quot;:false,&quot;items_layout&quot;:&quot;8839&quot;,&quot;items_offset&quot;:&quot;1&quot;,&quot;load_animation&quot;:&quot;fade&quot;,&quot;overriding_link&quot;:&quot;none&quot;,&quot;post_id&quot;:9198,&quot;query_args&quot;:{&quot;post_type&quot;:[&quot;post&quot;],&quot;tax_query&quot;:[{&quot;taxonomy&quot;:&quot;category&quot;,&quot;field&quot;:&quot;slug&quot;,&quot;terms&quot;:[&quot;laptops&quot;,&quot;actividades&quot;]}],&quot;post_status&quot;:[&quot;publish&quot;],&quot;ignore_sticky_posts&quot;:1,&quot;post__not_in&quot;:[9212,9208,9218,9155,9215,9193,9073,9198],&quot;posts_per_page&quot;:&quot;1&quot;},&quot;orderby_query_args&quot;:{&quot;orderby&quot;:{&quot;date&quot;:&quot;DESC&quot;}},&quot;type&quot;:&quot;grid&quot;,&quot;us_grid_ajax_index&quot;:1,&quot;us_grid_filter_params&quot;:null,&quot;us_grid_index&quot;:9,&quot;_us_grid_post_type&quot;:&quot;post&quot;}}'><\/div>\r\n\t<\/div><\/div><\/div><\/div><div class=\"vc_col-sm-4 wpb_column vc_column_container\"><div class=\"vc_column-inner us_custom_0552f97c\"><div class=\"wpb_wrapper\"><div class=\"w-grid type_grid layout_8839 overflow_hidden with_css_animation\" id=\"us_grid_10\"><style id=\"us_grid_10_css\">#us_grid_10 .w-grid-item:not(:last-child){margin-bottom:10px}#us_grid_10 .g-loadmore{margin-top:10px}<\/style><div class=\"w-grid-list\" >\t<article class=\"w-grid-item animate_fade size_1x1 post-9068 post type-post status-publish format-standard has-post-thumbnail hentry category-recursos\" data-id=\"9068\">\r\n\t\t<div class=\"w-grid-item-h\">\r\n\t\t\t\t\t\t<div class=\"w-post-elm post_image usg_post_image_1 stretched\"><a href=\"https:\/\/www.forumlibertas.com\/eutanasia\/recomendaciones-eutanasia\/\" aria-label=\"El Colegio Oficial de Enfermer\u00eda de Madrid publica recomendaciones sobre la pr\u00e1ctica de la eutanasia\"><img decoding=\"async\" width=\"300\" height=\"169\" src=\"https:\/\/www.forumlibertas.com\/eutanasia\/wp-content\/uploads\/2021\/07\/enferma-600x337-1-300x169.jpg\" class=\"attachment-medium size-medium wp-post-image\" alt=\"\" srcset=\"https:\/\/www.forumlibertas.com\/eutanasia\/wp-content\/uploads\/2021\/07\/enferma-600x337-1-300x169.jpg 300w, https:\/\/www.forumlibertas.com\/eutanasia\/wp-content\/uploads\/2021\/07\/enferma-600x337-1.jpg 600w\" sizes=\"(max-width: 300px) 100vw, 300px\" \/><\/a><\/div><div class=\"w-vwrapper usg_vwrapper_1 align_left valign_top\"><div class=\"w-post-elm post_taxonomy usg_post_taxonomy_1 style_badge color_link_inherit\"><a class=\"w-btn us-btn-style_badge\" href=\"https:\/\/www.forumlibertas.com\/eutanasia\/category\/recursos\/\"><span class=\"w-btn-label\">Recursos<\/span><\/a><\/div><h2 class=\"w-post-elm post_title usg_post_title_1 entry-title color_link_inherit\"><a href=\"https:\/\/www.forumlibertas.com\/eutanasia\/recomendaciones-eutanasia\/\">El Colegio Oficial de Enfermer\u00eda de Madrid publica recomendaciones sobre la pr\u00e1ctica de la eutanasia<\/a><\/h2><div class=\"w-hwrapper usg_hwrapper_1 align_left valign_top wrap\"><time class=\"w-post-elm post_date usg_post_date_1 entry-date published\" datetime=\"2021-05-27T09:00:04+00:00\" title=\"27 mayo 2021 a las 09:00:04 +00:00\">27 May 2021<\/time><div class=\"w-post-elm post_author usg_post_author_1 vcard author color_link_inherit\"><div class=\"post-author-meta\"><a href=\"https:\/\/www.forumlibertas.com\/eutanasia\/author\/muntsa_escola\/\" class=\"post-author-name fn\">ForumLibertas.com<\/a><\/div><\/div><\/div><div class=\"w-post-elm post_content usg_post_content_1\">El 18 de marzo de 2021, el Congreso de los Diputados aprobaba de forma definitiva la regulaci\u00f3n de ayuda para&hellip;<\/div><\/div>\t\t<\/div>\r\n\t<\/article>\r\n<\/div><div class=\"w-grid-preloader\"><div class=\"g-preloader type_1\">\r\n\t<div><\/div>\r\n<\/div>\r\n<\/div>\t<div class=\"w-grid-json hidden\" onclick='return {&quot;action&quot;:&quot;us_ajax_grid&quot;,&quot;ajax_url&quot;:&quot;https:\\\/\\\/www.forumlibertas.com\\\/eutanasia\\\/wp-admin\\\/admin-ajax.php&quot;,&quot;infinite_scroll&quot;:0,&quot;max_num_pages&quot;:1,&quot;pagination&quot;:&quot;none&quot;,&quot;permalink_url&quot;:&quot;https:\\\/\\\/www.forumlibertas.com\\\/eutanasia\\\/wp-json\\\/wp\\\/v2\\\/pages\\\/7041&quot;,&quot;template_vars&quot;:{&quot;columns&quot;:&quot;1&quot;,&quot;exclude_items&quot;:&quot;prev&quot;,&quot;img_size&quot;:&quot;default&quot;,&quot;ignore_items_size&quot;:false,&quot;items_layout&quot;:&quot;8839&quot;,&quot;items_offset&quot;:&quot;1&quot;,&quot;load_animation&quot;:&quot;fade&quot;,&quot;overriding_link&quot;:&quot;none&quot;,&quot;post_id&quot;:9188,&quot;query_args&quot;:{&quot;post_type&quot;:[&quot;post&quot;],&quot;tax_query&quot;:[{&quot;taxonomy&quot;:&quot;category&quot;,&quot;field&quot;:&quot;slug&quot;,&quot;terms&quot;:[&quot;laptops&quot;,&quot;recursos&quot;]}],&quot;post_status&quot;:[&quot;publish&quot;],&quot;ignore_sticky_posts&quot;:1,&quot;post__not_in&quot;:[9212,9208,9218,9155,9215,9193,9073,9198,9188],&quot;posts_per_page&quot;:&quot;1&quot;},&quot;orderby_query_args&quot;:{&quot;orderby&quot;:{&quot;date&quot;:&quot;DESC&quot;}},&quot;type&quot;:&quot;grid&quot;,&quot;us_grid_ajax_index&quot;:1,&quot;us_grid_filter_params&quot;:null,&quot;us_grid_index&quot;:10,&quot;_us_grid_post_type&quot;:&quot;post&quot;}}'><\/div>\r\n\t<\/div><\/div><\/div><\/div><\/div><\/div><\/div><\/div><\/div><\/div><\/section>\n","protected":false},"excerpt":{"rendered":"El 18 de marzo de 2021, el Congreso de los Diputados aprobaba de forma definitiva la regulaci\u00f3n de ayuda para morir, la eutanasia, siendo publicada en el Bolet\u00edn Oficial del Estado la Ley Org\u00e1nica 3\/2021, de 24 de marzo, de regulaci\u00f3n de la eutanasia, estando prevista su entrada en vigor el 25 de junio de...","protected":false},"author":1,"featured_media":0,"parent":0,"menu_order":0,"comment_status":"closed","ping_status":"closed","template":"","meta":{"_FSMCFIC_featured_image_caption":"","_FSMCFIC_featured_image_nocaption":null,"_FSMCFIC_featured_image_hide":null,"footnotes":""},"class_list":["post-7041","page","type-page","status-publish","hentry"],"yoast_head":"<!-- This site is optimized with the Yoast SEO plugin v16.2 - https:\/\/yoast.com\/wordpress\/plugins\/seo\/ -->\n<title>Homepage - Eutanasia no, toda vida importa<\/title>\n<meta name=\"robots\" content=\"index, follow, max-snippet:-1, max-image-preview:large, max-video-preview:-1\" \/>\n<link rel=\"canonical\" href=\"https:\/\/www.forumlibertas.com\/eutanasia\/\" \/>\n<meta property=\"og:locale\" content=\"es_ES\" \/>\n<meta property=\"og:type\" content=\"article\" \/>\n<meta property=\"og:title\" content=\"Homepage - Eutanasia no, toda vida importa\" \/>\n<meta property=\"og:url\" content=\"https:\/\/www.forumlibertas.com\/eutanasia\/\" \/>\n<meta property=\"og:site_name\" content=\"Eutanasia no, toda vida importa\" \/>\n<meta property=\"article:modified_time\" content=\"2021-06-15T06:29:43+00:00\" \/>\n<meta name=\"twitter:card\" content=\"summary_large_image\" \/>\n<meta name=\"twitter:label1\" content=\"Tiempo de lectura\">\n\t<meta name=\"twitter:data1\" content=\"1 minuto\">\n<script type=\"application\/ld+json\" class=\"yoast-schema-graph\">{\"@context\":\"https:\/\/schema.org\",\"@graph\":[{\"@type\":\"WebSite\",\"@id\":\"https:\/\/www.forumlibertas.com\/eutanasia\/#website\",\"url\":\"https:\/\/www.forumlibertas.com\/eutanasia\/\",\"name\":\"Eutanasia no, toda vida importa\",\"description\":\"Otro sitio realizado con WordPress\",\"potentialAction\":[{\"@type\":\"SearchAction\",\"target\":\"https:\/\/www.forumlibertas.com\/eutanasia\/?s={search_term_string}\",\"query-input\":\"required name=search_term_string\"}],\"inLanguage\":\"es\"},{\"@type\":\"WebPage\",\"@id\":\"https:\/\/www.forumlibertas.com\/eutanasia\/#webpage\",\"url\":\"https:\/\/www.forumlibertas.com\/eutanasia\/\",\"name\":\"Homepage - Eutanasia no, toda vida importa\",\"isPartOf\":{\"@id\":\"https:\/\/www.forumlibertas.com\/eutanasia\/#website\"},\"datePublished\":\"2018-04-04T15:18:06+00:00\",\"dateModified\":\"2021-06-15T06:29:43+00:00\",\"breadcrumb\":{\"@id\":\"https:\/\/www.forumlibertas.com\/eutanasia\/#breadcrumb\"},\"inLanguage\":\"es\",\"potentialAction\":[{\"@type\":\"ReadAction\",\"target\":[\"https:\/\/www.forumlibertas.com\/eutanasia\/\"]}]},{\"@type\":\"BreadcrumbList\",\"@id\":\"https:\/\/www.forumlibertas.com\/eutanasia\/#breadcrumb\",\"itemListElement\":[{\"@type\":\"ListItem\",\"position\":1,\"item\":{\"@type\":\"WebPage\",\"@id\":\"https:\/\/www.forumlibertas.com\/eutanasia\/\",\"url\":\"https:\/\/www.forumlibertas.com\/eutanasia\/\",\"name\":\"Portada\"}},{\"@type\":\"ListItem\",\"position\":2,\"item\":{\"@id\":\"https:\/\/www.forumlibertas.com\/eutanasia\/#webpage\"}}]}]}<\/script>\n<!-- \/ Yoast SEO plugin. -->","wps_subtitle":"","_links":{"self":[{"href":"https:\/\/www.forumlibertas.com\/eutanasia\/wp-json\/wp\/v2\/pages\/7041","targetHints":{"allow":["GET"]}}],"collection":[{"href":"https:\/\/www.forumlibertas.com\/eutanasia\/wp-json\/wp\/v2\/pages"}],"about":[{"href":"https:\/\/www.forumlibertas.com\/eutanasia\/wp-json\/wp\/v2\/types\/page"}],"author":[{"embeddable":true,"href":"https:\/\/www.forumlibertas.com\/eutanasia\/wp-json\/wp\/v2\/users\/1"}],"replies":[{"embeddable":true,"href":"https:\/\/www.forumlibertas.com\/eutanasia\/wp-json\/wp\/v2\/comments?post=7041"}],"version-history":[{"count":11,"href":"https:\/\/www.forumlibertas.com\/eutanasia\/wp-json\/wp\/v2\/pages\/7041\/revisions"}],"predecessor-version":[{"id":9058,"href":"https:\/\/www.forumlibertas.com\/eutanasia\/wp-json\/wp\/v2\/pages\/7041\/revisions\/9058"}],"wp:attachment":[{"href":"https:\/\/www.forumlibertas.com\/eutanasia\/wp-json\/wp\/v2\/media?parent=7041"}],"curies":[{"name":"wp","href":"https:\/\/api.w.org\/{rel}","templated":true}]}}